{"id":10671,"date":"2020-06-25T10:43:04","date_gmt":"2020-06-25T10:43:04","guid":{"rendered":"https:\/\/allame.net\/sobre-nuestra-ciudad\/"},"modified":"2025-02-07T09:53:34","modified_gmt":"2025-02-07T09:53:34","slug":"sobre-nuestra-ciudad","status":"publish","type":"page","link":"https:\/\/allame.net\/es\/sobre-nuestra-ciudad\/","title":{"rendered":"Sobre nuestra ciudad"},"content":{"rendered":"\t\t<div data-elementor-type=\"wp-page\" data-elementor-id=\"10671\" class=\"elementor elementor-10671 elementor-6917\">\n\t\t\t\t\t\t<section class=\"elementor-section elementor-top-section elementor-element elementor-element-6964209a elementor-section-boxed elementor-section-height-default elementor-section-height-default\" data-id=\"6964209a\" data-element_type=\"section\" data-settings=\"{&quot;background_background&quot;:&quot;classic&quot;}\">\n\t\t\t\t\t\t<div class=\"elementor-container elementor-column-gap-default\">\n\t\t\t\t\t<div class=\"elementor-column elementor-col-100 elementor-top-column elementor-element elementor-element-e2acaad\" data-id=\"e2acaad\" data-element_type=\"column\">\n\t\t\t<div class=\"elementor-widget-wrap elementor-element-populated\">\n\t\t\t\t\t\t<div class=\"elementor-element elementor-element-92280fd elementor-widget elementor-widget-image\" data-id=\"92280fd\" data-element_type=\"widget\" data-widget_type=\"image.default\">\n\t\t\t\t<div class=\"elementor-widget-container\">\n\t\t\t\t\t\t\t\t\t\t\t\t\t\t\t<img fetchpriority=\"high\" decoding=\"async\" width=\"1024\" height=\"683\" src=\"https:\/\/allame.net\/wp-content\/uploads\/2020\/07\/kocaeli.jpg\" class=\"attachment-large size-large wp-image-8900\" alt=\"\" \/>\t\t\t\t\t\t\t\t\t\t\t\t\t\t\t<\/div>\n\t\t\t\t<\/div>\n\t\t\t\t<div class=\"elementor-element elementor-element-4b7b4f81 elementor-widget elementor-widget-text-editor\" data-id=\"4b7b4f81\" data-element_type=\"widget\" data-widget_type=\"text-editor.default\">\n\t\t\t\t<div class=\"elementor-widget-container\">\n\t\t\t\t\t\t\t\t\t<h1 style=\"font-size: 38px; line-height: 40px;\">Kocaeli<\/h1>\n<p><a href=\"https:\/\/www.kocaeli.bel.tr\">Kocaeli<\/a> es una provincia peque\u00f1a en cuanto a superficie, pero tiene una importancia especial en t\u00e9rminos de comercio, cultura y turismo con su producci\u00f3n y valor a\u00f1adido en el sector industrial, sus bellezas naturales, playas, mesetas, el centro de esqu\u00ed de Kartepe y monumentos hist\u00f3ricos, as\u00ed como sus costas al Mar Negro y al Mar de M\u00e1rmara.<\/p>\n\t\t\t\t\t\t\t\t<\/div>\n\t\t\t\t<\/div>\n\t\t\t\t<div class=\"elementor-element elementor-element-1b508db5 elementor-widget elementor-widget-text-editor\" data-id=\"1b508db5\" data-element_type=\"widget\" data-widget_type=\"text-editor.default\">\n\t\t\t\t<div class=\"elementor-widget-container\">\n\t\t\t\t\t\t\t\t\t<blockquote>\n<p>La provincia de Kocaeli es uno de los centros de atracci\u00f3n de nuestro pa\u00eds con su historia, naturaleza, geograf\u00eda, arquitectura, cultura, industria y muchas otras bellezas. Llamada as\u00ed por Ak\u00e7a Koca, compa\u00f1ero de armas de Osman Gazi, nuestra provincia tiene riquezas dignas de ver con su golfo \u00fanico por un lado, su textura y artefactos hist\u00f3ricos por otro y, por \u00faltimo, sus bellezas y caracter\u00edsticas naturales. <\/p><\/blockquote>\n\t\t\t\t\t\t\t\t<\/div>\n\t\t\t\t<\/div>\n\t\t\t\t<div class=\"elementor-element elementor-element-1e09702 elementor-widget elementor-widget-heading\" data-id=\"1e09702\" data-element_type=\"widget\" data-widget_type=\"heading.default\">\n\t\t\t\t<div class=\"elementor-widget-container\">\n\t\t\t\t\t<h3 class=\"elementor-heading-title elementor-size-default\">Lugares que visitar<\/h3>\t\t\t\t<\/div>\n\t\t\t\t<\/div>\n\t\t\t\t<section class=\"elementor-section elementor-top-section elementor-element elementor-element-341be75a elementor-section-boxed elementor-section-height-default elementor-section-height-default\" data-id=\"341be75a\" data-element_type=\"section\">\n\t\t\t\t\t\t<div class=\"elementor-container elementor-column-gap-default\">\n\t\t\t\t\t<div class=\"elementor-column elementor-col-50 elementor-top-column elementor-element elementor-element-6124d863\" data-id=\"6124d863\" data-element_type=\"column\">\n\t\t\t<div class=\"elementor-widget-wrap elementor-element-populated\">\n\t\t\t\t\t\t<div class=\"elementor-element elementor-element-542472a6 elementor-widget elementor-widget-vc_custom_heading\" data-id=\"542472a6\" data-element_type=\"widget\" data-widget_type=\"vc_custom_heading.default\">\n\t\t\t\t<div class=\"elementor-widget-container\">\n\t\t\t\t\t<div class=\" vc_custom_heading no_stripe consulting_heading_font  text_align_left\" ><h4 style=\"color: #222222;text-align: left;font-weight:700\" class=\"consulting-custom-title\">Kartepe Kayak Merkezi\n<\/h4><\/div>\t\t\t\t<\/div>\n\t\t\t\t<\/div>\n\t\t\t\t<div class=\"elementor-element elementor-element-3683f1b5 elementor-widget elementor-widget-text-editor\" data-id=\"3683f1b5\" data-element_type=\"widget\" data-widget_type=\"text-editor.default\">\n\t\t\t\t<div class=\"elementor-widget-container\">\n\t\t\t\t\t\t\t\t\t<p>Kartepe, uno de los picos de los montes Samanl\u0131, en el distrito Ma\u015fukiye de Kocaeli, es un centro muy popular para el turismo de esqu\u00ed en la temporada de invierno. Es relativamente asequible en comparaci\u00f3n con otras regiones y atrae por su proximidad a Estambul. Con sus bosques y su belleza natural, puedes disfrutar de estas vacaciones de invierno como excursi\u00f3n de un d\u00eda o como alojamiento.    <\/p>\n\t\t\t\t\t\t\t\t<\/div>\n\t\t\t\t<\/div>\n\t\t\t\t\t<\/div>\n\t\t<\/div>\n\t\t\t\t<div class=\"elementor-column elementor-col-50 elementor-top-column elementor-element elementor-element-162ca313\" data-id=\"162ca313\" data-element_type=\"column\">\n\t\t\t<div class=\"elementor-widget-wrap elementor-element-populated\">\n\t\t\t\t\t\t<div class=\"elementor-element elementor-element-d132a1e elementor-widget elementor-widget-image\" data-id=\"d132a1e\" data-element_type=\"widget\" data-widget_type=\"image.default\">\n\t\t\t\t<div class=\"elementor-widget-container\">\n\t\t\t\t\t\t\t\t\t\t\t\t\t\t\t<img decoding=\"async\" width=\"640\" height=\"366\" src=\"https:\/\/allame.net\/wp-content\/uploads\/2020\/07\/kartepe.jpg\" class=\"attachment-large size-large wp-image-8888\" alt=\"\" \/>\t\t\t\t\t\t\t\t\t\t\t\t\t\t\t<\/div>\n\t\t\t\t<\/div>\n\t\t\t\t\t<\/div>\n\t\t<\/div>\n\t\t\t\t\t<\/div>\n\t\t<\/section>\n\t\t\t\t<div class=\"elementor-element elementor-element-660b576 elementor-widget-divider--view-line_icon elementor-widget-divider--separator-type-pattern elementor-view-default elementor-widget-divider--element-align-center elementor-widget elementor-widget-divider\" data-id=\"660b576\" data-element_type=\"widget\" data-widget_type=\"divider.default\">\n\t\t\t\t<div class=\"elementor-widget-container\">\n\t\t\t\t\t\t\t<div class=\"elementor-divider\" style=\"--divider-pattern-url: url(&quot;data:image\/svg+xml,%3Csvg xmlns=&#039;http:\/\/www.w3.org\/2000\/svg&#039; preserveAspectRatio=&#039;none&#039; overflow=&#039;visible&#039; height=&#039;100%&#039; viewBox=&#039;0 0 20 16&#039; fill=&#039;none&#039; stroke=&#039;black&#039; stroke-width=&#039;1&#039; stroke-linecap=&#039;square&#039; stroke-miterlimit=&#039;10&#039;%3E%3Cg transform=&#039;translate(-12.000000, 0)&#039;%3E%3Cpath d=&#039;M28,0L10,18&#039;\/%3E%3Cpath d=&#039;M18,0L0,18&#039;\/%3E%3Cpath d=&#039;M48,0L30,18&#039;\/%3E%3Cpath d=&#039;M38,0L20,18&#039;\/%3E%3C\/g%3E%3C\/svg%3E&quot;);\">\n\t\t\t<span class=\"elementor-divider-separator\">\n\t\t\t\t\t\t\t<div class=\"elementor-icon elementor-divider__element\">\n\t\t\t\t\t<i aria-hidden=\"true\" class=\"fas fa-sort-down\"><\/i><\/div>\n\t\t\t\t\t\t<\/span>\n\t\t<\/div>\n\t\t\t\t\t\t<\/div>\n\t\t\t\t<\/div>\n\t\t\t\t<section class=\"elementor-section elementor-inner-section elementor-element elementor-element-ec88a19 elementor-section-boxed elementor-section-height-default elementor-section-height-default\" data-id=\"ec88a19\" data-element_type=\"section\">\n\t\t\t\t\t\t<div class=\"elementor-container elementor-column-gap-default\">\n\t\t\t\t\t<div class=\"elementor-column elementor-col-50 elementor-inner-column elementor-element elementor-element-a847d82\" data-id=\"a847d82\" data-element_type=\"column\">\n\t\t\t<div class=\"elementor-widget-wrap elementor-element-populated\">\n\t\t\t\t\t\t<div class=\"elementor-element elementor-element-dbb0cd6 elementor-widget elementor-widget-image\" data-id=\"dbb0cd6\" data-element_type=\"widget\" data-widget_type=\"image.default\">\n\t\t\t\t<div class=\"elementor-widget-container\">\n\t\t\t\t\t\t\t\t\t\t\t\t\t\t\t<img decoding=\"async\" width=\"650\" height=\"479\" src=\"https:\/\/allame.net\/wp-content\/uploads\/2020\/07\/izmit-saat-kulesi.jpg\" class=\"attachment-large size-large wp-image-8892\" alt=\"\" \/>\t\t\t\t\t\t\t\t\t\t\t\t\t\t\t<\/div>\n\t\t\t\t<\/div>\n\t\t\t\t\t<\/div>\n\t\t<\/div>\n\t\t\t\t<div class=\"elementor-column elementor-col-50 elementor-inner-column elementor-element elementor-element-5fa1323\" data-id=\"5fa1323\" data-element_type=\"column\">\n\t\t\t<div class=\"elementor-widget-wrap elementor-element-populated\">\n\t\t\t\t\t\t<div class=\"elementor-element elementor-element-dca9470 elementor-widget elementor-widget-vc_custom_heading\" data-id=\"dca9470\" data-element_type=\"widget\" data-widget_type=\"vc_custom_heading.default\">\n\t\t\t\t<div class=\"elementor-widget-container\">\n\t\t\t\t\t<div class=\" vc_custom_heading no_stripe consulting_heading_font  text_align_left\" ><h4 style=\"color: #222222;text-align: left;font-weight:700\" class=\"consulting-custom-title\">\u0130zmit Saat Kulesi\n<\/h4><\/div>\t\t\t\t<\/div>\n\t\t\t\t<\/div>\n\t\t\t\t<div class=\"elementor-element elementor-element-8074b8c elementor-widget elementor-widget-text-editor\" data-id=\"8074b8c\" data-element_type=\"widget\" data-widget_type=\"text-editor.default\">\n\t\t\t\t<div class=\"elementor-widget-container\">\n\t\t\t\t\t\t\t\t\t<p>Situada en el distrito de Izmit de Kocaeli, la torre fue construida por el municipio de Izmit en 1902, en el 25 aniversario de la subida al trono de Abdulhamid II.  <\/p>\n<p>Fue construido por Musa Kaz\u0131m Bey, el Mutasarr\u0131fi de Izmit, y se edific\u00f3 con piedras de travertino tra\u00eddas de Hereke y Tav\u015fanc\u0131l.<\/p>\n<p>La Torre del Reloj de Izmit, que tiene un aspecto elegante en el que se puede ver la obra arquitect\u00f3nica neocl\u00e1sica, tiene unas dimensiones de 3,65 metros cuadrados y hay fuentes en tres de sus lados.<\/p>\n\t\t\t\t\t\t\t\t<\/div>\n\t\t\t\t<\/div>\n\t\t\t\t\t<\/div>\n\t\t<\/div>\n\t\t\t\t\t<\/div>\n\t\t<\/section>\n\t\t\t\t<div class=\"elementor-element elementor-element-d752f28 elementor-widget-divider--view-line_icon elementor-widget-divider--separator-type-pattern elementor-view-default elementor-widget-divider--element-align-center elementor-widget elementor-widget-divider\" data-id=\"d752f28\" data-element_type=\"widget\" data-widget_type=\"divider.default\">\n\t\t\t\t<div class=\"elementor-widget-container\">\n\t\t\t\t\t\t\t<div class=\"elementor-divider\" style=\"--divider-pattern-url: url(&quot;data:image\/svg+xml,%3Csvg xmlns=&#039;http:\/\/www.w3.org\/2000\/svg&#039; preserveAspectRatio=&#039;none&#039; overflow=&#039;visible&#039; height=&#039;100%&#039; viewBox=&#039;0 0 20 16&#039; fill=&#039;none&#039; stroke=&#039;black&#039; stroke-width=&#039;1&#039; stroke-linecap=&#039;square&#039; stroke-miterlimit=&#039;10&#039;%3E%3Cg transform=&#039;translate(-12.000000, 0)&#039;%3E%3Cpath d=&#039;M28,0L10,18&#039;\/%3E%3Cpath d=&#039;M18,0L0,18&#039;\/%3E%3Cpath d=&#039;M48,0L30,18&#039;\/%3E%3Cpath d=&#039;M38,0L20,18&#039;\/%3E%3C\/g%3E%3C\/svg%3E&quot;);\">\n\t\t\t<span class=\"elementor-divider-separator\">\n\t\t\t\t\t\t\t<div class=\"elementor-icon elementor-divider__element\">\n\t\t\t\t\t<i aria-hidden=\"true\" class=\"fas fa-sort-down\"><\/i><\/div>\n\t\t\t\t\t\t<\/span>\n\t\t<\/div>\n\t\t\t\t\t\t<\/div>\n\t\t\t\t<\/div>\n\t\t\t\t<section class=\"elementor-section elementor-inner-section elementor-element elementor-element-5d623a1 elementor-section-boxed elementor-section-height-default elementor-section-height-default\" data-id=\"5d623a1\" data-element_type=\"section\">\n\t\t\t\t\t\t<div class=\"elementor-container elementor-column-gap-default\">\n\t\t\t\t\t<div class=\"elementor-column elementor-col-50 elementor-inner-column elementor-element elementor-element-204decd\" data-id=\"204decd\" data-element_type=\"column\">\n\t\t\t<div class=\"elementor-widget-wrap elementor-element-populated\">\n\t\t\t\t\t\t<div class=\"elementor-element elementor-element-a2361a9 elementor-widget elementor-widget-vc_custom_heading\" data-id=\"a2361a9\" data-element_type=\"widget\" data-widget_type=\"vc_custom_heading.default\">\n\t\t\t\t<div class=\"elementor-widget-container\">\n\t\t\t\t\t<div class=\" vc_custom_heading no_stripe consulting_heading_font  text_align_left\" ><h4 style=\"color: #222222;text-align: left;font-weight:700\" class=\"consulting-custom-title\">Ma\u015fukiye\n<\/h4><\/div>\t\t\t\t<\/div>\n\t\t\t\t<\/div>\n\t\t\t\t<div class=\"elementor-element elementor-element-08e6534 elementor-widget elementor-widget-text-editor\" data-id=\"08e6534\" data-element_type=\"widget\" data-widget_type=\"text-editor.default\">\n\t\t\t\t<div class=\"elementor-widget-container\">\n\t\t\t\t\t\t\t\t\t<p>Ma\u015fukiye, antiguamente conocida como Vo\u00e7be Hable, se estableci\u00f3 con el asentamiento de circasianos en la regi\u00f3n durante las Guerras C\u00e1ucaso-Rusas que terminaron en 1864. El nombre de Ma\u015fukiye, cuya naturaleza recuerda a la vegetaci\u00f3n del Mar Negro, procede de ma\u015fuk, que significa amante. Ma\u015fukiye, cuya popularidad ha aumentado recientemente, est\u00e1 muy concurrida, sobre todo los fines de semana, por gente que viene de la regi\u00f3n cercana.  <\/p>\n\t\t\t\t\t\t\t\t<\/div>\n\t\t\t\t<\/div>\n\t\t\t\t\t<\/div>\n\t\t<\/div>\n\t\t\t\t<div class=\"elementor-column elementor-col-50 elementor-inner-column elementor-element elementor-element-28925aa\" data-id=\"28925aa\" data-element_type=\"column\">\n\t\t\t<div class=\"elementor-widget-wrap elementor-element-populated\">\n\t\t\t\t\t\t<div class=\"elementor-element elementor-element-66ff4fc elementor-widget elementor-widget-image\" data-id=\"66ff4fc\" data-element_type=\"widget\" data-widget_type=\"image.default\">\n\t\t\t\t<div class=\"elementor-widget-container\">\n\t\t\t\t\t\t\t\t\t\t\t\t\t\t\t<img loading=\"lazy\" decoding=\"async\" width=\"800\" height=\"513\" src=\"https:\/\/allame.net\/wp-content\/uploads\/2020\/07\/masukiye.jpg\" class=\"attachment-large size-large wp-image-8896\" alt=\"\" \/>\t\t\t\t\t\t\t\t\t\t\t\t\t\t\t<\/div>\n\t\t\t\t<\/div>\n\t\t\t\t\t<\/div>\n\t\t<\/div>\n\t\t\t\t\t<\/div>\n\t\t<\/section>\n\t\t\t\t\t<\/div>\n\t\t<\/div>\n\t\t\t\t<div class=\"elementor-column elementor-col-25 elementor-top-column elementor-element elementor-element-5bf75af3 elementor-hidden-tablet elementor-hidden-phone\" data-id=\"5bf75af3\" data-element_type=\"column\">\n\t\t\t<div class=\"elementor-widget-wrap elementor-element-populated\">\n\t\t\t\t\t\t<div class=\"elementor-element elementor-element-76df4c91 elementor-widget elementor-widget-stm_sidebar\" data-id=\"76df4c91\" data-element_type=\"widget\" data-widget_type=\"stm_sidebar.default\">\n\t\t\t\t<div class=\"elementor-widget-container\">\n\t\t\t\t\t\n<div class=\"stm_sidebar consulting_elementor_sidebar\">\n\n            \t\t<div data-elementor-type=\"wp-post\" data-elementor-id=\"10170\" class=\"elementor elementor-10170 elementor-311\">\n\t\t\t\t\t\t<section class=\"elementor-section elementor-top-section elementor-element elementor-element-1a39e9e elementor-section-boxed elementor-section-height-default elementor-section-height-default\" data-id=\"1a39e9e\" data-element_type=\"section\" data-settings=\"{&quot;background_background&quot;:&quot;classic&quot;}\">\n\t\t\t\t\t\t<div class=\"elementor-container elementor-column-gap-default\">\n\t\t\t\t\t<div class=\"elementor-column elementor-col-100 elementor-top-column elementor-element elementor-element-1a3a7d4\" data-id=\"1a3a7d4\" data-element_type=\"column\">\n\t\t\t<div class=\"elementor-widget-wrap elementor-element-populated\">\n\t\t\t\t\t\t<div class=\"elementor-element elementor-element-1a3b02e elementor-align-left elementor-widget elementor-widget-button\" data-id=\"1a3b02e\" data-element_type=\"widget\" data-widget_type=\"button.default\">\n\t\t\t\t<div class=\"elementor-widget-container\">\n\t\t\t\t\t\t\t\t\t<div class=\"elementor-button-wrapper icon_align_  button_block\">\n\t\t\t\t\t<a class=\"elementor-button elementor-button-link elementor-size-lg\" href=\"https:\/\/skyfibertech.com\/wp-content\/uploads\/2021\/08\/fiber-blowing-all-machines-catalog.pdf\">\n\t\t\t\t\t\t<span class=\"elementor-button-content-wrapper\">\n\t\t\t\t\t\t<span class=\"elementor-button-icon\">\n\t\t\t\t<i aria-hidden=\"true\" class=\"fa fa-file-pdf-o\"><\/i>\t\t\t<\/span>\n\t\t\t\t\t\t\t\t\t<span class=\"elementor-button-text\">Nuestro cat\u00e1logo<\/span>\n\t\t\t\t\t<\/span>\n\t\t\t\t\t<\/a>\n\t\t\t\t<\/div>\n\t\t\t\t\t\t\t\t<\/div>\n\t\t\t\t<\/div>\n\t\t\t\t\t<\/div>\n\t\t<\/div>\n\t\t\t\t\t<\/div>\n\t\t<\/section>\n\t\t\t\t<section class=\"elementor-section elementor-top-section elementor-element elementor-element-1a3bbd0 elementor-section-boxed elementor-section-height-default elementor-section-height-default\" data-id=\"1a3bbd0\" data-element_type=\"section\" data-settings=\"{&quot;background_background&quot;:&quot;classic&quot;}\">\n\t\t\t\t\t\t<div class=\"elementor-container elementor-column-gap-default\">\n\t\t\t\t\t<div class=\"elementor-column elementor-col-100 elementor-top-column elementor-element elementor-element-1a3c2b4\" data-id=\"1a3c2b4\" data-element_type=\"column\" data-settings=\"{&quot;background_background&quot;:&quot;classic&quot;}\">\n\t\t\t<div class=\"elementor-widget-wrap elementor-element-populated\">\n\t\t\t\t\t\t<div class=\"elementor-element elementor-element-1a3c898 elementor-widget elementor-widget-vc_custom_heading\" data-id=\"1a3c898\" data-element_type=\"widget\" data-widget_type=\"vc_custom_heading.default\">\n\t\t\t\t<div class=\"elementor-widget-container\">\n\t\t\t\t\t<div class=\" vc_custom_heading  consulting_heading_font  text_align_left title_no_stripe\" ><h4 style=\"font-size: 16px;text-align: left;font-weight:700\" class=\"consulting-custom-title\">Innovaci\u00f3n y calidad\n<\/h4><\/div>\t\t\t\t<\/div>\n\t\t\t\t<\/div>\n\t\t\t\t<div class=\"elementor-element elementor-element-1a3cc4d elementor-widget elementor-widget-text-editor\" data-id=\"1a3cc4d\" data-element_type=\"widget\" data-widget_type=\"text-editor.default\">\n\t\t\t\t<div class=\"elementor-widget-container\">\n\t\t\t\t\t\t\t\t\t<p><span style=\"font-size: 13px; line-height: 22px;\">Siempre estamos buscando formas de mejorar nuestros productos y hacerlos m\u00e1s productivos y eficaces.<\/span><\/p>\n\t\t\t\t\t\t\t\t<\/div>\n\t\t\t\t<\/div>\n\t\t\t\t<div class=\"elementor-element elementor-element-1a3ce8d elementor-widget__width-auto elementor-widget elementor-widget-button\" data-id=\"1a3ce8d\" data-element_type=\"widget\" data-widget_type=\"button.default\">\n\t\t\t\t<div class=\"elementor-widget-container\">\n\t\t\t\t\t\t\t\t\t<div class=\"elementor-button-wrapper icon_align_  \">\n\t\t\t\t\t<a class=\"elementor-button elementor-button-link elementor-size-sm\" href=\"https:\/\/allame.net\/iletisim-bilgileri\/\">\n\t\t\t\t\t\t<span class=\"elementor-button-content-wrapper\">\n\t\t\t\t\t\t<span class=\"elementor-button-icon\">\n\t\t\t\t<i aria-hidden=\"true\" class=\"fa fa-phone-square\"><\/i>\t\t\t<\/span>\n\t\t\t\t\t\t\t\t\t<span class=\"elementor-button-text\">datos de contacto<\/span>\n\t\t\t\t\t<\/span>\n\t\t\t\t\t<\/a>\n\t\t\t\t<\/div>\n\t\t\t\t\t\t\t\t<\/div>\n\t\t\t\t<\/div>\n\t\t\t\t\t<\/div>\n\t\t<\/div>\n\t\t\t\t\t<\/div>\n\t\t<\/section>\n\t\t\t\t<\/div>\n\t\t    \n<\/div>\t\t\t\t<\/div>\n\t\t\t\t<\/div>\n\t\t\t\t\t<\/div>\n\t\t<\/div>\n\t\t\t\t\t<\/div>\n\t\t<\/section>\n\t\t\t\t<section class=\"elementor-section elementor-top-section elementor-element elementor-element-4dd20daf third_bg_color elementor-section-boxed elementor-section-height-default elementor-section-height-default\" data-id=\"4dd20daf\" data-element_type=\"section\" data-settings=\"{&quot;background_background&quot;:&quot;classic&quot;}\">\n\t\t\t\t\t\t<div class=\"elementor-container elementor-column-gap-default\">\n\t\t\t\t\t<div class=\"elementor-column elementor-col-100 elementor-top-column elementor-element elementor-element-3dc87bf5\" data-id=\"3dc87bf5\" data-element_type=\"column\">\n\t\t\t<div class=\"elementor-widget-wrap elementor-element-populated\">\n\t\t\t\t\t\t<div class=\"elementor-element elementor-element-50de5182 elementor-widget elementor-widget-vc_cta\" data-id=\"50de5182\" data-element_type=\"widget\" data-widget_type=\"vc_cta.default\">\n\t\t\t\t<div class=\"elementor-widget-container\">\n\t\t\t\t\t\n<div class=\"ce_cta ce_cta_3e4dc1a9da01add969a45c856c0c8a42 ce_text_left third_bg_color add_button_right btn_align_right btn_button_block_true btn_has_icon btn_has_icon_on_the_right\" id=\"\">\n\n    <div class=\"ce_cta__content\">\n        <div class=\"ce_cta__content__header\">\n            <h2  class='ce_cta__content__title '>\u00fcr\u00fcnlerimiz hakk\u0131nda detayl\u0131 bilgi almak i\u00e7in l\u00fctfen bizimle ileti\u015fime ge\u00e7iniz.<\/h2>                    <\/div>\n\n        \n    <\/div>\n\n    \n        <div class=\"ce_cta__action\">\n            <a href=\"https:\/\/allame.net\/iletisim-bilgileri\/\"\n                              target=\"_self\"\n               class=\"button \">\n                <span>teklif iste<\/span>\n                                    <i class=\"fa fa-chevron-right\"><\/i>\n                            <\/a>\n        <\/div>\n\n    \n<\/div>\n\t\t\t\t<\/div>\n\t\t\t\t<\/div>\n\t\t\t\t\t<\/div>\n\t\t<\/div>\n\t\t\t\t\t<\/div>\n\t\t<\/section>\n\t\t\t\t<\/div>\n\t\t","protected":false},"excerpt":{"rendered":"<p>Kocaeli Kocaeli es una provincia peque\u00f1a en cuanto a superficie, pero tiene una importancia especial en t\u00e9rminos de comercio, cultura y turismo con su producci\u00f3n y valor a\u00f1adido en el sector industrial, sus bellezas naturales, playas, mesetas, el centro de esqu\u00ed de Kartepe y monumentos hist\u00f3ricos, as\u00ed como sus costas al Mar Negro y al<\/p>\n","protected":false},"author":2,"featured_media":8900,"parent":0,"menu_order":0,"comment_status":"closed","ping_status":"closed","template":"","meta":{"_joinchat":[],"footnotes":""},"class_list":["post-10671","page","type-page","status-publish","has-post-thumbnail","hentry"],"yoast_head":"<!-- This site is optimized with the Yoast SEO plugin v25.9 - https:\/\/yoast.com\/wordpress\/plugins\/seo\/ -->\n<title>Sobre nuestra ciudad - Allame Makina<\/title>\n<meta name=\"description\" content=\"Kocaeli es una ciudad importante en t\u00e9rminos de comercio, cultura y turismo, con sus bellezas naturales, mesetas, el Centro de Esqu\u00ed de Kartepe y monumentos hist\u00f3ricos.\" \/>\n<meta name=\"robots\" content=\"index, follow, max-snippet:-1, max-image-preview:large, max-video-preview:-1\" \/>\n<link rel=\"canonical\" href=\"https:\/\/allame.net\/es\/sobre-nuestra-ciudad\/\" \/>\n<meta property=\"og:locale\" content=\"es_ES\" \/>\n<meta property=\"og:type\" content=\"article\" \/>\n<meta property=\"og:title\" content=\"Sobre nuestra ciudad - Allame Makina\" \/>\n<meta property=\"og:description\" content=\"Kocaeli es una ciudad importante en t\u00e9rminos de comercio, cultura y turismo, con sus bellezas naturales, mesetas, el Centro de Esqu\u00ed de Kartepe y monumentos hist\u00f3ricos.\" \/>\n<meta property=\"og:url\" content=\"https:\/\/allame.net\/es\/sobre-nuestra-ciudad\/\" \/>\n<meta property=\"og:site_name\" content=\"Allame Makina\" \/>\n<meta property=\"article:publisher\" content=\"https:\/\/www.facebook.com\/skyfibertech\/\" \/>\n<meta property=\"article:modified_time\" content=\"2025-02-07T09:53:34+00:00\" \/>\n<meta property=\"og:image\" content=\"https:\/\/allame.net\/wp-content\/uploads\/2020\/07\/kocaeli.jpg\" \/>\n\t<meta property=\"og:image:width\" content=\"1024\" \/>\n\t<meta property=\"og:image:height\" content=\"683\" \/>\n\t<meta property=\"og:image:type\" content=\"image\/jpeg\" \/>\n<meta name=\"twitter:card\" content=\"summary_large_image\" \/>\n<meta name=\"twitter:site\" content=\"@SkyFiberTech1\" \/>\n<meta name=\"twitter:label1\" content=\"Tiempo de lectura\" \/>\n\t<meta name=\"twitter:data1\" content=\"3 minutos\" \/>\n<script type=\"application\/ld+json\" class=\"yoast-schema-graph\">{\"@context\":\"https:\/\/schema.org\",\"@graph\":[{\"@type\":\"WebPage\",\"@id\":\"https:\/\/allame.net\/es\/sobre-nuestra-ciudad\/\",\"url\":\"https:\/\/allame.net\/es\/sobre-nuestra-ciudad\/\",\"name\":\"Sobre nuestra ciudad - Allame Makina\",\"isPartOf\":{\"@id\":\"https:\/\/allame.net\/es\/#website\"},\"primaryImageOfPage\":{\"@id\":\"https:\/\/allame.net\/es\/sobre-nuestra-ciudad\/#primaryimage\"},\"image\":{\"@id\":\"https:\/\/allame.net\/es\/sobre-nuestra-ciudad\/#primaryimage\"},\"thumbnailUrl\":\"https:\/\/allame.net\/wp-content\/uploads\/2020\/07\/kocaeli.jpg\",\"datePublished\":\"2020-06-25T10:43:04+00:00\",\"dateModified\":\"2025-02-07T09:53:34+00:00\",\"description\":\"Kocaeli es una ciudad importante en t\u00e9rminos de comercio, cultura y turismo, con sus bellezas naturales, mesetas, el Centro de Esqu\u00ed de Kartepe y monumentos hist\u00f3ricos.\",\"breadcrumb\":{\"@id\":\"https:\/\/allame.net\/es\/sobre-nuestra-ciudad\/#breadcrumb\"},\"inLanguage\":\"es\",\"potentialAction\":[{\"@type\":\"ReadAction\",\"target\":[\"https:\/\/allame.net\/es\/sobre-nuestra-ciudad\/\"]}]},{\"@type\":\"ImageObject\",\"inLanguage\":\"es\",\"@id\":\"https:\/\/allame.net\/es\/sobre-nuestra-ciudad\/#primaryimage\",\"url\":\"https:\/\/allame.net\/wp-content\/uploads\/2020\/07\/kocaeli.jpg\",\"contentUrl\":\"https:\/\/allame.net\/wp-content\/uploads\/2020\/07\/kocaeli.jpg\",\"width\":1024,\"height\":683},{\"@type\":\"BreadcrumbList\",\"@id\":\"https:\/\/allame.net\/es\/sobre-nuestra-ciudad\/#breadcrumb\",\"itemListElement\":[{\"@type\":\"ListItem\",\"position\":1,\"name\":\"Home\",\"item\":\"https:\/\/allame.net\/es\/\"},{\"@type\":\"ListItem\",\"position\":2,\"name\":\"Sobre nuestra ciudad\"}]},{\"@type\":\"WebSite\",\"@id\":\"https:\/\/allame.net\/es\/#website\",\"url\":\"https:\/\/allame.net\/es\/\",\"name\":\"Allame Makina\",\"description\":\"Fiber optik kablo \u00fcfleme ve \u00e7ekme makinalar\u0131\",\"publisher\":{\"@id\":\"https:\/\/allame.net\/es\/#organization\"},\"potentialAction\":[{\"@type\":\"SearchAction\",\"target\":{\"@type\":\"EntryPoint\",\"urlTemplate\":\"https:\/\/allame.net\/es\/?s={search_term_string}\"},\"query-input\":{\"@type\":\"PropertyValueSpecification\",\"valueRequired\":true,\"valueName\":\"search_term_string\"}}],\"inLanguage\":\"es\"},{\"@type\":\"Organization\",\"@id\":\"https:\/\/allame.net\/es\/#organization\",\"name\":\"Allame Makina\",\"url\":\"https:\/\/allame.net\/es\/\",\"logo\":{\"@type\":\"ImageObject\",\"inLanguage\":\"es\",\"@id\":\"https:\/\/allame.net\/es\/#\/schema\/logo\/image\/\",\"url\":\"https:\/\/allame.net\/wp-content\/uploads\/2019\/09\/Allame-logo-kucuk.png\",\"contentUrl\":\"https:\/\/allame.net\/wp-content\/uploads\/2019\/09\/Allame-logo-kucuk.png\",\"width\":196,\"height\":71,\"caption\":\"Allame Makina\"},\"image\":{\"@id\":\"https:\/\/allame.net\/es\/#\/schema\/logo\/image\/\"},\"sameAs\":[\"https:\/\/www.facebook.com\/skyfibertech\/\",\"https:\/\/x.com\/SkyFiberTech1\",\"https:\/\/www.instagram.com\/allamemakina\"]}]}<\/script>\n<!-- \/ Yoast SEO plugin. -->","yoast_head_json":{"title":"Sobre nuestra ciudad - Allame Makina","description":"Kocaeli es una ciudad importante en t\u00e9rminos de comercio, cultura y turismo, con sus bellezas naturales, mesetas, el Centro de Esqu\u00ed de Kartepe y monumentos hist\u00f3ricos.","robots":{"index":"index","follow":"follow","max-snippet":"max-snippet:-1","max-image-preview":"max-image-preview:large","max-video-preview":"max-video-preview:-1"},"canonical":"https:\/\/allame.net\/es\/sobre-nuestra-ciudad\/","og_locale":"es_ES","og_type":"article","og_title":"Sobre nuestra ciudad - Allame Makina","og_description":"Kocaeli es una ciudad importante en t\u00e9rminos de comercio, cultura y turismo, con sus bellezas naturales, mesetas, el Centro de Esqu\u00ed de Kartepe y monumentos hist\u00f3ricos.","og_url":"https:\/\/allame.net\/es\/sobre-nuestra-ciudad\/","og_site_name":"Allame Makina","article_publisher":"https:\/\/www.facebook.com\/skyfibertech\/","article_modified_time":"2025-02-07T09:53:34+00:00","og_image":[{"width":1024,"height":683,"url":"https:\/\/allame.net\/wp-content\/uploads\/2020\/07\/kocaeli.jpg","type":"image\/jpeg"}],"twitter_card":"summary_large_image","twitter_site":"@SkyFiberTech1","twitter_misc":{"Tiempo de lectura":"3 minutos"},"schema":{"@context":"https:\/\/schema.org","@graph":[{"@type":"WebPage","@id":"https:\/\/allame.net\/es\/sobre-nuestra-ciudad\/","url":"https:\/\/allame.net\/es\/sobre-nuestra-ciudad\/","name":"Sobre nuestra ciudad - Allame Makina","isPartOf":{"@id":"https:\/\/allame.net\/es\/#website"},"primaryImageOfPage":{"@id":"https:\/\/allame.net\/es\/sobre-nuestra-ciudad\/#primaryimage"},"image":{"@id":"https:\/\/allame.net\/es\/sobre-nuestra-ciudad\/#primaryimage"},"thumbnailUrl":"https:\/\/allame.net\/wp-content\/uploads\/2020\/07\/kocaeli.jpg","datePublished":"2020-06-25T10:43:04+00:00","dateModified":"2025-02-07T09:53:34+00:00","description":"Kocaeli es una ciudad importante en t\u00e9rminos de comercio, cultura y turismo, con sus bellezas naturales, mesetas, el Centro de Esqu\u00ed de Kartepe y monumentos hist\u00f3ricos.","breadcrumb":{"@id":"https:\/\/allame.net\/es\/sobre-nuestra-ciudad\/#breadcrumb"},"inLanguage":"es","potentialAction":[{"@type":"ReadAction","target":["https:\/\/allame.net\/es\/sobre-nuestra-ciudad\/"]}]},{"@type":"ImageObject","inLanguage":"es","@id":"https:\/\/allame.net\/es\/sobre-nuestra-ciudad\/#primaryimage","url":"https:\/\/allame.net\/wp-content\/uploads\/2020\/07\/kocaeli.jpg","contentUrl":"https:\/\/allame.net\/wp-content\/uploads\/2020\/07\/kocaeli.jpg","width":1024,"height":683},{"@type":"BreadcrumbList","@id":"https:\/\/allame.net\/es\/sobre-nuestra-ciudad\/#breadcrumb","itemListElement":[{"@type":"ListItem","position":1,"name":"Home","item":"https:\/\/allame.net\/es\/"},{"@type":"ListItem","position":2,"name":"Sobre nuestra ciudad"}]},{"@type":"WebSite","@id":"https:\/\/allame.net\/es\/#website","url":"https:\/\/allame.net\/es\/","name":"Allame Makina","description":"Fiber optik kablo \u00fcfleme ve \u00e7ekme makinalar\u0131","publisher":{"@id":"https:\/\/allame.net\/es\/#organization"},"potentialAction":[{"@type":"SearchAction","target":{"@type":"EntryPoint","urlTemplate":"https:\/\/allame.net\/es\/?s={search_term_string}"},"query-input":{"@type":"PropertyValueSpecification","valueRequired":true,"valueName":"search_term_string"}}],"inLanguage":"es"},{"@type":"Organization","@id":"https:\/\/allame.net\/es\/#organization","name":"Allame Makina","url":"https:\/\/allame.net\/es\/","logo":{"@type":"ImageObject","inLanguage":"es","@id":"https:\/\/allame.net\/es\/#\/schema\/logo\/image\/","url":"https:\/\/allame.net\/wp-content\/uploads\/2019\/09\/Allame-logo-kucuk.png","contentUrl":"https:\/\/allame.net\/wp-content\/uploads\/2019\/09\/Allame-logo-kucuk.png","width":196,"height":71,"caption":"Allame Makina"},"image":{"@id":"https:\/\/allame.net\/es\/#\/schema\/logo\/image\/"},"sameAs":["https:\/\/www.facebook.com\/skyfibertech\/","https:\/\/x.com\/SkyFiberTech1","https:\/\/www.instagram.com\/allamemakina"]}]}},"_links":{"self":[{"href":"https:\/\/allame.net\/es\/wp-json\/wp\/v2\/pages\/10671","targetHints":{"allow":["GET"]}}],"collection":[{"href":"https:\/\/allame.net\/es\/wp-json\/wp\/v2\/pages"}],"about":[{"href":"https:\/\/allame.net\/es\/wp-json\/wp\/v2\/types\/page"}],"author":[{"embeddable":true,"href":"https:\/\/allame.net\/es\/wp-json\/wp\/v2\/users\/2"}],"replies":[{"embeddable":true,"href":"https:\/\/allame.net\/es\/wp-json\/wp\/v2\/comments?post=10671"}],"version-history":[{"count":0,"href":"https:\/\/allame.net\/es\/wp-json\/wp\/v2\/pages\/10671\/revisions"}],"wp:featuredmedia":[{"embeddable":true,"href":"https:\/\/allame.net\/es\/wp-json\/wp\/v2\/media\/8900"}],"wp:attachment":[{"href":"https:\/\/allame.net\/es\/wp-json\/wp\/v2\/media?parent=10671"}],"curies":[{"name":"wp","href":"https:\/\/api.w.org\/{rel}","templated":true}]}}